{"id":364,"date":"2019-09-19T08:12:50","date_gmt":"2019-09-19T06:12:50","guid":{"rendered":"https:\/\/www.burg-halle.de\/id-neuwerk\/unerhoertetoene\/?page_id=364"},"modified":"2019-10-05T14:18:45","modified_gmt":"2019-10-05T12:18:45","slug":"exkursion-zu-ars-electronica","status":"publish","type":"page","link":"https:\/\/www.burg-halle.de\/id-neuwerk\/unerhoertetoene\/exkursion-zu-ars-electronica\/","title":{"rendered":"Exkursion zur <br>ars electronica"},"content":{"rendered":"<p><iframe loading=\"lazy\" src=\"https:\/\/player.vimeo.com\/video\/360926318?title=0&amp;byline=0&amp;portrait=0\" width=\"600\" height=\"338\" frameborder=\"0\" allowfullscreen=\"allowfullscreen\"><\/iframe><\/p>\n<p><em>Klangperformances und Instrumente auf der ars electronica <\/em><br \/>\n<em>Rundgang mit Werner Jauk und Tilman Hatje<\/em><\/p>\n<p>&nbsp;<\/p>\n<p><a href=\"https:\/\/ars.electronica.art\/outofthebox\/highlights\/\" target=\"_blank\" rel=\"noopener noreferrer\"><strong>Programm ars electronica<\/strong><\/a><\/p>\n<p>&nbsp;<\/p>\n<p><strong>ars electronica Linz E<\/strong><strong>xkursion<\/strong><\/p>\n<p>1<br \/>\n<strong>mittwoch, 4.9.2019<\/strong><\/p>\n<p>anreise + besuch der er\u00f6ffungsveranstaltung(en)<\/p>\n<p>2<br \/>\n<strong>donnerstag, 5.9.2019<\/strong><\/p>\n<p>besuch und f\u00fchrung<br \/>\nArs Electronica Festival<\/p>\n<p>&nbsp;<\/p>\n<p><iframe loading=\"lazy\" src=\"https:\/\/player.vimeo.com\/video\/360167931?title=0&amp;byline=0&amp;portrait=0\" width=\"600\" height=\"338\" frameborder=\"0\" allowfullscreen=\"allowfullscreen\"><\/iframe><\/p>\n<p><em>Besuch an der Kunstuniversit\u00e4t Linz<\/em><\/p>\n<p>&nbsp;<\/p>\n<p>3<br \/>\n<strong>freitag, 6.9.2019<\/strong><\/p>\n<p>Besuch der Kunstuniversit\u00e4t Linz<\/p>\n<p>Besuch<br \/>\n<a href=\"https:\/\/www.ufg.at\/raum-designstrategien.1318.0.html\" target=\"_blank\" rel=\"noopener noreferrer\"><strong>Abteilung raum&amp;designstrategien<\/strong><\/a><\/p>\n<p>Empfang und F\u00fchrung durch<br \/>\nLarissa Meyer<\/p>\n<p>&nbsp;<\/p>\n<p>Besuch<br \/>\n<a href=\"https:\/\/tamlab.ufg.at\" target=\"_blank\" rel=\"noopener noreferrer\"><strong>Tangible Music Lab<\/strong><\/a><br \/>\nInstitute of Media Studies<\/p>\n<p>Empfang und F\u00fchrung durch<br \/>\nJens Vetter<\/p>\n<p>&nbsp;<\/p>\n<p>&nbsp;<\/p>\n<p><iframe loading=\"lazy\" src=\"https:\/\/player.vimeo.com\/video\/360171974?title=0&amp;byline=0&amp;portrait=0\" width=\"600\" height=\"338\" frameborder=\"0\" allowfullscreen=\"allowfullscreen\"><\/iframe><\/p>\n<p><em>Besuch des AI x Music Festival\u00a0<\/em><br \/>\n<em>im St. Florian Stift bei Linz<\/em><\/p>\n<p>&nbsp;<\/p>\n<p>4<br \/>\n<strong>samstag, 7.9.2019<\/strong><\/p>\n<p>Ars Electronica Festival<br \/>\nAI x Music<\/p>\n<p>Dem Aufeinandertreffen von menschlicher Kreativit\u00e4t und technischer Perfektion verschreibt sich das erste \u201eAI x Music Festival\u201c, das Ars Electronica und die Europ\u00e4ische Kommission als Teil der STARTS-Initiative ausrichten. Von 6. bis 8. September 2019 versammelt Ars Electronica daf\u00fcr MusikerInnen, KomponistInnen, KulturhistorikerInnen, TechnologInnen, WissenschaftlerInnen und AI-EntwicklerInnen aus aller Welt in Linz und widmet sich mit Konzerten und Performances, Konferenzen, Workshops und Ausstellungen der Interaktion von Menschen und Maschinen.<\/p>\n<p>&nbsp;<\/p>\n<p><a href=\"http:\/\/ars.electronica.art\/outofthebox\/files\/2019\/08\/aixmusic_de.pdf\" target=\"_blank\" rel=\"noopener noreferrer\"><strong>Programm AI\u00a0x Music<\/strong><\/a><\/p>\n<p>&nbsp;<\/p>\n<p><iframe loading=\"lazy\" src=\"https:\/\/player.vimeo.com\/video\/364473225?title=0&amp;byline=0&amp;portrait=0\" width=\"600\" height=\"338\" frameborder=\"0\" allowfullscreen=\"allowfullscreen\"><\/iframe><\/p>\n<p><em>Eine Auswahl der besten Arbeiten des diesj\u00e4hrigen Prix Ars Electronica <\/em><br \/>\n<em>werden in der CyberArts-Schau im OK Kulturquartier pr\u00e4sentiert<\/em><\/p>\n<p>&nbsp;<\/p>\n","protected":false},"excerpt":{"rendered":"<p>Klangperformances und Instrumente auf der ars electronica Rundgang mit Werner Jauk und Tilman Hatje &nbsp; Programm ars electronica &nbsp; ars electronica Linz Exkursion 1 mittwoch, 4.9.2019 anreise + besuch der er\u00f6ffungsveranstaltung(en) 2 donnerstag, 5.9.2019 besuch und f\u00fchrung Ars Electronica Festival &nbsp; Besuch an der Kunstuniversit\u00e4t Linz &nbsp; 3 freitag, 6.9.2019 Besuch der Kunstuniversit\u00e4t Linz Besuch [&hellip;]<\/p>\n","protected":false},"author":5,"featured_media":0,"parent":0,"menu_order":0,"comment_status":"closed","ping_status":"closed","template":"","meta":{"footnotes":""},"class_list":["post-364","page","type-page","status-publish","hentry"],"_links":{"self":[{"href":"https:\/\/www.burg-halle.de\/id-neuwerk\/unerhoertetoene\/wp-json\/wp\/v2\/pages\/364","targetHints":{"allow":["GET"]}}],"collection":[{"href":"https:\/\/www.burg-halle.de\/id-neuwerk\/unerhoertetoene\/wp-json\/wp\/v2\/pages"}],"about":[{"href":"https:\/\/www.burg-halle.de\/id-neuwerk\/unerhoertetoene\/wp-json\/wp\/v2\/types\/page"}],"author":[{"embeddable":true,"href":"https:\/\/www.burg-halle.de\/id-neuwerk\/unerhoertetoene\/wp-json\/wp\/v2\/users\/5"}],"replies":[{"embeddable":true,"href":"https:\/\/www.burg-halle.de\/id-neuwerk\/unerhoertetoene\/wp-json\/wp\/v2\/comments?post=364"}],"version-history":[{"count":8,"href":"https:\/\/www.burg-halle.de\/id-neuwerk\/unerhoertetoene\/wp-json\/wp\/v2\/pages\/364\/revisions"}],"predecessor-version":[{"id":545,"href":"https:\/\/www.burg-halle.de\/id-neuwerk\/unerhoertetoene\/wp-json\/wp\/v2\/pages\/364\/revisions\/545"}],"wp:attachment":[{"href":"https:\/\/www.burg-halle.de\/id-neuwerk\/unerhoertetoene\/wp-json\/wp\/v2\/media?parent=364"}],"curies":[{"name":"wp","href":"https:\/\/api.w.org\/{rel}","templated":true}]}}