{"id":1217,"date":"2008-09-30T23:59:58","date_gmt":"2008-09-30T21:59:58","guid":{"rendered":"https:\/\/www.burg-halle.de\/systemdesign\/?page_id=1217"},"modified":"2026-08-31T14:39:32","modified_gmt":"2026-08-31T12:39:32","slug":"von-kopf-bis-fuss","status":"publish","type":"page","link":"https:\/\/www.burg-halle.de\/systemdesign\/projekte\/von-kopf-bis-fuss\/","title":{"rendered":"Von Kopf bis Fu\u00df"},"content":{"rendered":"\n<div class=\"wp-block-group is-layout-flow wp-block-group-is-layout-flow\">\n<div class=\"wp-block-cover aligncenter is-light has-parallax wp-duotone-unset-2\" style=\"margin-top:0;margin-bottom:0;padding-top:0;padding-right:0;padding-bottom:0;padding-left:0;min-height:400px;aspect-ratio:unset;\"><span aria-hidden=\"true\" class=\"wp-block-cover__background has-base-background-color has-background-dim-0 has-background-dim\"><\/span><div class=\"wp-block-cover__image-background wp-image-1223 has-parallax\" style=\"background-position:50% 50%;background-image:url(https:\/\/www.burg-halle.de\/systemdesign\/wp-content\/uploads\/2026\/08\/Bildschirmfoto-2026-08-31-um-14.34.34.png)\"><\/div><div class=\"wp-block-cover__inner-container is-layout-flow wp-block-cover-is-layout-flow\">\n<div class=\"wp-block-group is-vertical is-layout-flex wp-container-core-group-is-layout-4 wp-block-group-is-layout-flex\" style=\"margin-top:0;margin-bottom:0;padding-top:0;padding-right:0;padding-bottom:0;padding-left:0\">\n<div class=\"wp-block-group has-base-background-color has-background is-layout-flow wp-container-core-group-is-layout-3 wp-block-group-is-layout-flow\" style=\"margin-top:0;margin-bottom:200px;padding-top:var(--wp--preset--spacing--10);padding-right:var(--wp--preset--spacing--50);padding-bottom:var(--wp--preset--spacing--10);padding-left:var(--wp--preset--spacing--50)\">\n<div class=\"wp-block-group is-nowrap is-layout-flex wp-container-core-group-is-layout-1 wp-block-group-is-layout-flex\"><h2 style=\"font-size:clamp(2.2rem, 2.2rem + ((1vw - 0.2rem) * 3), 4rem);font-style:normal;font-weight:500;line-height:1.1;text-transform:uppercase; padding-right:0;padding-left:0;\" class=\"wp-block-post-title has-burg-grotesk-font-family\">Von Kopf bis Fu\u00df<\/h2><\/div>\n\n\n\n<div class=\"wp-block-group is-nowrap is-layout-flex wp-container-core-group-is-layout-2 wp-block-group-is-layout-flex\">\n<p class=\"has-burg-grotesk-mono-font-family has-medium-font-size\">Sommersemester 2008<\/p>\n<\/div>\n<\/div>\n<\/div>\n<\/div><\/div>\n\n\n\n<div class=\"wp-block-group is-layout-flow wp-block-group-is-layout-flow\">\n<div class=\"wp-block-group is-layout-flow wp-block-group-is-layout-flow\" style=\"padding-top:var(--wp--preset--spacing--20);padding-right:var(--wp--preset--spacing--50);padding-bottom:var(--wp--preset--spacing--20);padding-left:var(--wp--preset--spacing--50)\">\n<div class=\"wp-block-columns is-layout-flex wp-container-core-columns-is-layout-1 wp-block-columns-is-layout-flex\">\n<div class=\"wp-block-column is-layout-flow wp-block-column-is-layout-flow\">\n<p class=\"has-burg-grotesk-font-family has-medium-font-size\">Das Projekt \u201eVon Kopf bis Fu\u00df \u2013 t\u00e4gliche Begleiter f\u00fcr Alt und Jung\u201c besch\u00e4ftigte sich mit den kleinen Problemen des Alltags und der Frage, wie Gestaltung allt\u00e4gliche Handlungsabl\u00e4ufe erleichtern und unterst\u00fctzen kann. Gesucht wurden Produkte und Dienstleistungen, die funktional und \u00e4sthetisch attraktiv sind und zugleich Freude in der t\u00e4glichen Nutzung bereiten.<\/p>\n\n\n\n<p>Im Mittelpunkt stand die generations\u00fcbergreifende Gestaltung vor dem Hintergrund des demografischen Wandels und der steigenden Lebenserwartung. Die Studierenden setzten sich mit den besonderen Anforderungen an Bedienung, Handhabung, Ergonomie, Produkt\u00e4sthetik und Objektsemantik auseinander und entwickelten daraus zeitgem\u00e4\u00dfe Gestaltungsl\u00f6sungen.<\/p>\n\n\n\n<p><\/p>\n<\/div>\n\n\n\n<div class=\"wp-block-column is-layout-flow wp-block-column-is-layout-flow\">\n<p class=\"has-burg-grotesk-font-family has-medium-font-size\">Zu Beginn des Projektes fand eine Exkursion zu Designb\u00fcros, Ausstellungen und Forschungsinstituten statt. Ein anschlie\u00dfender Workshop mit Gastreferent*innen aus den Bereichen Zukunftsforschung, Nutzersimulation, Medizintechnik, Materialforschung, altersgerechte Gestaltung und Psychologie unterst\u00fctzte die Entwicklung neuer Konzept- und Produktideen.<\/p>\n\n\n\n<p class=\"has-burg-grotesk-font-family has-medium-font-size\">Das Projekt war mit einem Wettbewerb zum demografischen Wandel verbunden. Die entwickelten Entw\u00fcrfe wurden als Produkte und Dienstleistungen konzipiert, die zur Verbesserung der Lebensqualit\u00e4t beitragen und m\u00f6glichst vielen Generationen einen selbstverst\u00e4ndlichen und attraktiven Zugang erm\u00f6glichen sollten.<\/p>\n<\/div>\n<\/div>\n<\/div>\n<\/div>\n\n\n\n<div class=\"wp-block-group has-accent-5-background-color has-background is-layout-flow wp-block-group-is-layout-flow\" style=\"padding-top:var(--wp--preset--spacing--30);padding-right:var(--wp--preset--spacing--40);padding-bottom:var(--wp--preset--spacing--30);padding-left:var(--wp--preset--spacing--40)\">\n\n\n<div class=\"wp-block-group is-layout-flow wp-block-group-is-layout-flow\" style=\"padding-right:var(--wp--preset--spacing--50);padding-left:var(--wp--preset--spacing--50)\">\n<p class=\"has-text-align-right has-contrast-color has-text-color has-link-color has-small-font-size wp-elements-b7ac66b8299fca75512ad1f90de31c8c\">Gesamtdoku mit allen Projektbeitr\u00e4gen<\/p>\n<\/div>\n<\/div>\n\n\n\n<div class=\"wp-block-group is-layout-flow wp-block-group-is-layout-flow\">\n<div class=\"wp-block-columns is-layout-flex wp-container-core-columns-is-layout-13 wp-block-columns-is-layout-flex\" style=\"padding-top:var(--wp--preset--spacing--10);padding-right:var(--wp--preset--spacing--50);padding-bottom:var(--wp--preset--spacing--10);padding-left:var(--wp--preset--spacing--50)\">\n<div class=\"wp-block-column is-layout-flow wp-container-core-column-is-layout-12 wp-block-column-is-layout-flow\" style=\"flex-basis:50%\">\n<p class=\"has-burg-grotesk-mono-font-family has-medium-font-size\">Projektteilnehmer*innen<\/p>\n\n\n\n<div class=\"wp-block-columns is-layout-flex wp-container-core-columns-is-layout-2 wp-block-columns-is-layout-flex\">\n<div class=\"wp-block-column is-layout-flow wp-block-column-is-layout-flow\" style=\"flex-basis:75%\">\n<p class=\"has-small-font-size\" style=\"line-height:1\">Henrike Gei\u00dfler<\/p>\n<\/div>\n<\/div>\n\n\n\n<div class=\"wp-block-columns is-layout-flex wp-container-core-columns-is-layout-3 wp-block-columns-is-layout-flex\" style=\"padding-top:0;padding-bottom:0\">\n<div class=\"wp-block-column is-layout-flow wp-block-column-is-layout-flow\" style=\"flex-basis:75%\">\n<p class=\"has-small-font-size\" style=\"line-height:1\">Franz Wagner<\/p>\n<\/div>\n<\/div>\n\n\n\n<div class=\"wp-block-columns is-layout-flex wp-container-core-columns-is-layout-4 wp-block-columns-is-layout-flex\" style=\"padding-top:0;padding-bottom:0\">\n<div class=\"wp-block-column is-layout-flow wp-block-column-is-layout-flow\" style=\"flex-basis:75%\">\n<p class=\"has-small-font-size\" style=\"line-height:1\">Julia Handy<\/p>\n<\/div>\n<\/div>\n\n\n\n<div class=\"wp-block-columns is-layout-flex wp-container-core-columns-is-layout-5 wp-block-columns-is-layout-flex\" style=\"padding-top:0;padding-bottom:0\">\n<div class=\"wp-block-column is-layout-flow wp-block-column-is-layout-flow\" style=\"flex-basis:75%\">\n<p class=\"has-small-font-size\" style=\"line-height:1\">Lorenz Ebersbach<\/p>\n<\/div>\n<\/div>\n\n\n\n<div class=\"wp-block-columns is-layout-flex wp-container-core-columns-is-layout-6 wp-block-columns-is-layout-flex\" style=\"padding-top:0;padding-bottom:0\">\n<div class=\"wp-block-column is-layout-flow wp-block-column-is-layout-flow\" style=\"flex-basis:75%\">\n<p class=\"has-small-font-size\" style=\"line-height:1\">Konstanze Hosp<\/p>\n<\/div>\n<\/div>\n\n\n\n<div class=\"wp-block-columns is-layout-flex wp-container-core-columns-is-layout-7 wp-block-columns-is-layout-flex\" style=\"padding-top:0;padding-bottom:0\">\n<div class=\"wp-block-column is-layout-flow wp-block-column-is-layout-flow\" style=\"flex-basis:75%\">\n<p class=\"has-small-font-size\" style=\"line-height:1\">Claudia Pietsch<\/p>\n<\/div>\n<\/div>\n\n\n\n<div class=\"wp-block-columns is-layout-flex wp-container-core-columns-is-layout-8 wp-block-columns-is-layout-flex\" style=\"padding-top:0;padding-bottom:0\">\n<div class=\"wp-block-column is-layout-flow wp-block-column-is-layout-flow\" style=\"flex-basis:75%\">\n<p class=\"has-small-font-size\" style=\"line-height:1\">Ruth-Katharina Hering<\/p>\n<\/div>\n<\/div>\n\n\n\n<div class=\"wp-block-columns is-layout-flex wp-container-core-columns-is-layout-9 wp-block-columns-is-layout-flex\" style=\"padding-top:0;padding-bottom:0\">\n<div class=\"wp-block-column is-layout-flow wp-block-column-is-layout-flow\" style=\"flex-basis:75%\">\n<p class=\"has-small-font-size\" style=\"line-height:1\">Josephine Schulte<\/p>\n<\/div>\n<\/div>\n\n\n\n<div class=\"wp-block-columns is-layout-flex wp-container-core-columns-is-layout-10 wp-block-columns-is-layout-flex\" style=\"padding-top:0;padding-bottom:0\">\n<div class=\"wp-block-column is-layout-flow wp-block-column-is-layout-flow\" style=\"flex-basis:75%\">\n<p class=\"has-small-font-size\" style=\"line-height:1\">Karina Wendt<\/p>\n<\/div>\n<\/div>\n\n\n\n<div style=\"height:1rem\" aria-hidden=\"true\" class=\"wp-block-spacer\"><\/div>\n<\/div>\n\n\n\n<div class=\"wp-block-column is-layout-flow wp-container-core-column-is-layout-15 wp-block-column-is-layout-flow\" style=\"flex-basis:50%\">\n<p class=\"has-burg-grotesk-mono-font-family has-medium-font-size\">Lehrpersonal<\/p>\n\n\n\n<div class=\"wp-block-columns is-layout-flex wp-container-core-columns-is-layout-11 wp-block-columns-is-layout-flex\">\n<div class=\"wp-block-column is-layout-flow wp-block-column-is-layout-flow\" style=\"flex-basis:75%\">\n<p class=\"has-small-font-size\" style=\"line-height:1\">Prof. Dieter Hofmann (Professur f\u00fcr Produkt- und Systemdesign)<\/p>\n<\/div>\n<\/div>\n\n\n\n<div class=\"wp-block-columns is-layout-flex wp-container-core-columns-is-layout-12 wp-block-columns-is-layout-flex\">\n<div class=\"wp-block-column is-layout-flow wp-block-column-is-layout-flow\" style=\"flex-basis:75%\">\n<p class=\"has-small-font-size\" style=\"line-height:1\">Dipl. Des. Nikolai Burger (K\u00fcnstlerischer Mitarbeiter)<\/p>\n<\/div>\n<\/div>\n\n\n\n<div style=\"height:1rem\" aria-hidden=\"true\" class=\"wp-block-spacer\"><\/div>\n<\/div>\n<\/div>\n<\/div>\n\n\n\n<p><\/p>\n\n\n\n<div class=\"wp-block-group is-layout-flow wp-block-group-is-layout-flow\"><\/div>\n\n\n\n<div class=\"wp-block-columns is-layout-flex wp-container-core-columns-is-layout-14 wp-block-columns-is-layout-flex\" style=\"padding-right:var(--wp--preset--spacing--50);padding-left:var(--wp--preset--spacing--50)\">\n<div class=\"wp-block-column is-layout-flow wp-block-column-is-layout-flow\"><\/div>\n\n\n\n<div class=\"wp-block-column is-layout-flow wp-block-column-is-layout-flow\"><\/div>\n\n\n\n<div class=\"wp-block-column is-layout-flow wp-block-column-is-layout-flow\"><\/div>\n<\/div>\n\n\n\n<div class=\"wp-block-group is-layout-flow wp-block-group-is-layout-flow\" style=\"padding-top:var(--wp--preset--spacing--10);padding-right:var(--wp--preset--spacing--50);padding-bottom:var(--wp--preset--spacing--10);padding-left:var(--wp--preset--spacing--50)\">\n<p class=\"has-burg-grotesk-mono-font-family has-medium-font-size\">Credits<\/p>\n\n\n\n<p class=\"has-medium-font-size\" style=\"line-height:1.5\">Alle Rechte an studentischen Projekten und studentischen Bildern liegen bei den jeweiligen Studierenden.<\/p>\n\n\n\n<div class=\"wp-block-columns is-layout-flex wp-container-core-columns-is-layout-15 wp-block-columns-is-layout-flex\">\n<div class=\"wp-block-column is-layout-flow wp-block-column-is-layout-flow\" style=\"flex-basis:50%\">\n<p class=\"has-medium-font-size\" style=\"line-height:1.5\">PROJEKTLEITUNG<br>Prof. Dieter Hofmann (Professur f\u00fcr Produkt- und Systemdesign)<br>Dipl. Des. Nikolai Burger (K\u00fcnstlerischer Mitarbeiter)<\/p>\n\n\n\n<p class=\"has-medium-font-size\" style=\"line-height:1.5\"><\/p>\n\n\n\n<p class=\"has-medium-font-size\" style=\"line-height:1.5\"><\/p>\n<\/div>\n\n\n\n<div class=\"wp-block-column is-layout-flow wp-block-column-is-layout-flow\" style=\"flex-basis:50%\">\n<p class=\"has-medium-font-size\" style=\"line-height:1.5\"><\/p>\n<\/div>\n<\/div>\n<\/div>\n\n\n\n<div class=\"wp-block-group is-layout-flow wp-block-group-is-layout-flow\" style=\"padding-right:var(--wp--preset--spacing--50);padding-left:var(--wp--preset--spacing--50)\">\n<p class=\"has-burg-grotesk-mono-font-family has-medium-font-size\">Einzelprojekte<\/p>\n\n\n\n<div class=\"wp-block-query alignfull is-layout-flow wp-block-query-is-layout-flow\">\n<div class=\"wp-block-group alignfull is-layout-flow wp-block-group-is-layout-flow\" style=\"padding-top:0;padding-right:0;padding-bottom:0;padding-left:0\"><\/div>\n\n\n\n<div class=\"wp-block-group is-layout-flow wp-block-group-is-layout-flow\" style=\"margin-top:0;margin-bottom:0;padding-top:var(--wp--preset--spacing--20);padding-right:0;padding-bottom:var(--wp--preset--spacing--20);padding-left:0\"><\/div>\n<\/div>\n<\/div>\n<\/div>\n","protected":false},"excerpt":{"rendered":"<p>Das Projekt \u201eVon Kopf bis Fu\u00df \u2013 t\u00e4gliche Begleiter f\u00fcr Alt und Jung\u201c besch\u00e4ftigte sich mit den kleinen Problemen des Alltags und der Frage, wie Gestaltung allt\u00e4gliche Handlungsabl\u00e4ufe erleichtern und unterst\u00fctzen kann. Gesucht wurden Produkte und Dienstleistungen, die funktional und \u00e4sthetisch attraktiv sind und zugleich Freude in der t\u00e4glichen Nutzung bereiten. Im Mittelpunkt stand die [&hellip;]<\/p>\n","protected":false},"author":4,"featured_media":0,"parent":388,"menu_order":0,"comment_status":"closed","ping_status":"closed","template":"wp-custom-template-semesterprojekt-v2","meta":{"footnotes":""},"categories":[6],"tags":[],"class_list":["post-1217","page","type-page","status-publish","hentry","category-semesterprojekt"],"_links":{"self":[{"href":"https:\/\/www.burg-halle.de\/systemdesign\/wp-json\/wp\/v2\/pages\/1217","targetHints":{"allow":["GET"]}}],"collection":[{"href":"https:\/\/www.burg-halle.de\/systemdesign\/wp-json\/wp\/v2\/pages"}],"about":[{"href":"https:\/\/www.burg-halle.de\/systemdesign\/wp-json\/wp\/v2\/types\/page"}],"author":[{"embeddable":true,"href":"https:\/\/www.burg-halle.de\/systemdesign\/wp-json\/wp\/v2\/users\/4"}],"replies":[{"embeddable":true,"href":"https:\/\/www.burg-halle.de\/systemdesign\/wp-json\/wp\/v2\/comments?post=1217"}],"version-history":[{"count":5,"href":"https:\/\/www.burg-halle.de\/systemdesign\/wp-json\/wp\/v2\/pages\/1217\/revisions"}],"predecessor-version":[{"id":1225,"href":"https:\/\/www.burg-halle.de\/systemdesign\/wp-json\/wp\/v2\/pages\/1217\/revisions\/1225"}],"up":[{"embeddable":true,"href":"https:\/\/www.burg-halle.de\/systemdesign\/wp-json\/wp\/v2\/pages\/388"}],"wp:attachment":[{"href":"https:\/\/www.burg-halle.de\/systemdesign\/wp-json\/wp\/v2\/media?parent=1217"}],"wp:term":[{"taxonomy":"category","embeddable":true,"href":"https:\/\/www.burg-halle.de\/systemdesign\/wp-json\/wp\/v2\/categories?post=1217"},{"taxonomy":"post_tag","embeddable":true,"href":"https:\/\/www.burg-halle.de\/systemdesign\/wp-json\/wp\/v2\/tags?post=1217"}],"curies":[{"name":"wp","href":"https:\/\/api.w.org\/{rel}","templated":true}]}}